{"id":7,"date":"2019-10-21T10:37:10","date_gmt":"2019-10-21T10:37:10","guid":{"rendered":"http:\/\/hildegard-jaekel.de\/?page_id=7"},"modified":"2019-11-01T16:26:14","modified_gmt":"2019-11-01T16:26:14","slug":"vita","status":"publish","type":"page","link":"http:\/\/hildegard-jaekel.de\/?page_id=7","title":{"rendered":"Vita"},"content":{"rendered":"\n<table id=\"tablepress-TabelleVita\" class=\"tablepress tablepress-id-TabelleVita\">\n<tbody>\n<tr class=\"row-1\">\n\t<td class=\"column-1\">1939<\/td><td class=\"column-2\">* in Mannheim<br \/>\nlebt und arbeitet in Kassel<\/td>\n<\/tr>\n<tr class=\"row-2\">\n\t<td class=\"column-1\">1958&nbsp;\u2013&nbsp;1961 <\/td><td class=\"column-2\">Werkkunstschule Saarbr\u00fccken (Oskar Holweck , Boris Kleint)<\/td>\n<\/tr>\n<tr class=\"row-3\">\n\t<td class=\"column-1\">1973&nbsp;\u2013&nbsp;1975 <\/td><td class=\"column-2\">HBK Kassel (Walter Popp)<br \/>\n<br \/>\n\tAusstellungen im In- und Ausland<br \/>\n\tAnk\u00e4ufe durch private Sammlungen und \u00f6ffentliche Einrichtungen in Amsterdam, Basel, Kassel, Paris, Berlin<br \/>\n<br \/>\n\tArbeitsschwerpunkte:<br \/>\n<br \/>\n\tMalerei mit Erden aus Kassel und Erden aus der Welt<br \/>\n\tObjekte \/ Installationen<br \/>\n\tKunst im \u00f6ffentlichen Raum<br \/>\n<br \/>\n\tBei meinen Arbeiten benutze ich verschiedene Ausdrucksformen:<br \/>\n\tDie <em>Objekte<\/em> nehmen die menschliche Kom\u00f6die oder \u2013 Trag\u00f6die als Ausgangspunkt.<br \/>\n\tIn meiner <em>Malerei mit Erden<\/em> untersuche ich den Untergrund auf dem ich lebe und <br \/>\n\tvergleiche ihn mit anderen Orten der Welt. Mich interessiert die Gleichheit und Unter-<br \/>\n\tschiedlichkeit. Die Verschiedenheit und das Verbindende.<br \/>\n<br \/>\n\tWerkgruppen: <br \/>\n\tFl\u00e4che + Raum, K\u00fcnstliche H\u00fcgel, Konterfei der Orte, Leiber werden zu Stein<br \/>\n<br \/>\n\tDie <em>Installationen<\/em> verbinden oft meine unterschiedlichen Ausdrucksformen unter <br \/>\n\tEinbeziehung des Ortes.<br \/>\n<br \/>\n\tBei allen drei Ausdrucksformen interessiert mich das, was \u201edahinter\u201c ist.<br \/>\n<br \/>\n\tMitbegr\u00fcnderin des \"Kunstbalkon\" e.V. Kassel<br \/>\n\tKulturf\u00f6rderpreis der Stadt Kassel 1999 im Zusammenhang mit dem \"Kunstbalkon\"<\/td>\n<\/tr>\n<\/tbody>\n<\/table>\n\n","protected":false},"excerpt":{"rendered":"","protected":false},"author":1,"featured_media":0,"parent":0,"menu_order":0,"comment_status":"closed","ping_status":"closed","template":"","meta":{"footnotes":""},"class_list":["post-7","page","type-page","status-publish","hentry"],"_links":{"self":[{"href":"http:\/\/hildegard-jaekel.de\/index.php?rest_route=\/wp\/v2\/pages\/7","targetHints":{"allow":["GET"]}}],"collection":[{"href":"http:\/\/hildegard-jaekel.de\/index.php?rest_route=\/wp\/v2\/pages"}],"about":[{"href":"http:\/\/hildegard-jaekel.de\/index.php?rest_route=\/wp\/v2\/types\/page"}],"author":[{"embeddable":true,"href":"http:\/\/hildegard-jaekel.de\/index.php?rest_route=\/wp\/v2\/users\/1"}],"replies":[{"embeddable":true,"href":"http:\/\/hildegard-jaekel.de\/index.php?rest_route=%2Fwp%2Fv2%2Fcomments&post=7"}],"version-history":[{"count":5,"href":"http:\/\/hildegard-jaekel.de\/index.php?rest_route=\/wp\/v2\/pages\/7\/revisions"}],"predecessor-version":[{"id":69,"href":"http:\/\/hildegard-jaekel.de\/index.php?rest_route=\/wp\/v2\/pages\/7\/revisions\/69"}],"wp:attachment":[{"href":"http:\/\/hildegard-jaekel.de\/index.php?rest_route=%2Fwp%2Fv2%2Fmedia&parent=7"}],"curies":[{"name":"wp","href":"https:\/\/api.w.org\/{rel}","templated":true}]}}